{"id":854,"date":"2017-12-01T08:31:14","date_gmt":"2017-12-01T08:31:14","guid":{"rendered":"https:\/\/uiag.info\/?page_id=854"},"modified":"2020-06-26T08:43:20","modified_gmt":"2020-06-26T08:43:20","slug":"association-des-retraites","status":"publish","type":"page","link":"https:\/\/uiag.info\/fr\/association-des-retraites\/","title":{"rendered":"Association des retrait\u00e9s"},"content":{"rendered":"<div id=\"Adh\u00e9sion\">\n<h3>Adh\u00e9sion<\/h3>\n<p>Les collaboratrices et collaborateurs retrait\u00e9s des entreprises affili\u00e9es \u00e0 la Fondation de pr\u00e9voyance en faveur du personnel UIAG ont la possibilit\u00e9 d&rsquo;adh\u00e9rer \u00e0 l&rsquo;association des retrait\u00e9s.<\/p>\n<ul>\n<li><a href=\"https:\/\/uiag.info\/app\/uploads\/2017\/12\/Infoschreiben_Pensioniertenvereinigung_F.pdf\" target=\"_blank\" rel=\"noopener noreferrer\">Lettre d&rsquo;information \u00abA la retraite &#8211; maintenant plus que jamais!\u00bb<\/a><\/li>\n<li><a href=\"https:\/\/uiag.info\/app\/uploads\/2017\/12\/Anmeldung_Pensioniertenvereinigung_F.pdf\" target=\"_blank\" rel=\"noopener noreferrer\">Inscription \u00e0 l&rsquo;association des retrait\u00e9s<\/a><\/li>\n<\/ul>\n<div id=\"Objectif de l'association\">\n<hr \/>\n<h3>Objectif de l&rsquo;association<\/h3>\n<ul>\n<li>Information sur la Fondation de pr\u00e9voyance en faveur du personnel UIAG<\/li>\n<li>Maintien des relations avec les anciens coll\u00e8gues de travail<\/li>\n<li>Formation de l&rsquo;opinion sur les questions actuelles<\/li>\n<li>Choix du repr\u00e9sentant des retrait\u00e9s au Conseil de fondation de la Fondation de pr\u00e9voyance en faveur du personnel UIAG<\/li>\n<\/ul>\n<div id=\"Financement\">\n<hr \/>\n<h3>Financement<\/h3>\n<p>Aucune cotisation de membre n&rsquo;est demand\u00e9e. Le financement est assur\u00e9 par les contributions volontaires des entreprises affili\u00e9es \u00e0 la Fondation de pr\u00e9voyance en faveur du personnel UIAG. Les frais de d\u00e9placement et de repas sont \u00e0 la charge des participants.<\/p>\n<div id=\"veranstaltungen\">\n<hr \/>\n<div id=\"Prochains \u00e9v\u00e9nements\">\n<h3>Prochains \u00e9v\u00e9nements<\/h3>\n<p>&#8211;<\/p>\n<\/div>\n<\/div>\n<\/div>\n<\/div>\n<\/div>\n","protected":false},"excerpt":{"rendered":"<p>Adh\u00e9sion Les collaboratrices et collaborateurs retrait\u00e9s des entreprises affili\u00e9es \u00e0 la Fondation de pr\u00e9voyance en faveur du personnel UIAG ont la possibilit\u00e9 d&rsquo;adh\u00e9rer \u00e0 l&rsquo;association des retrait\u00e9s. Lettre d&rsquo;information \u00abA la retraite &#8211; maintenant plus que jamais!\u00bb Inscription \u00e0 l&rsquo;association des retrait\u00e9s Objectif de l&rsquo;association Information sur la Fondation de pr\u00e9voyance en faveur du personnel [&hellip;]<\/p>\n","protected":false},"author":1,"featured_media":48,"parent":0,"menu_order":4,"comment_status":"closed","ping_status":"closed","template":"","meta":{"_acf_changed":false,"footnotes":""},"class_list":["post-854","page","type-page","status-publish","has-post-thumbnail","hentry"],"acf":[],"_links":{"self":[{"href":"https:\/\/uiag.info\/fr\/wp-json\/wp\/v2\/pages\/854","targetHints":{"allow":["GET"]}}],"collection":[{"href":"https:\/\/uiag.info\/fr\/wp-json\/wp\/v2\/pages"}],"about":[{"href":"https:\/\/uiag.info\/fr\/wp-json\/wp\/v2\/types\/page"}],"author":[{"embeddable":true,"href":"https:\/\/uiag.info\/fr\/wp-json\/wp\/v2\/users\/1"}],"replies":[{"embeddable":true,"href":"https:\/\/uiag.info\/fr\/wp-json\/wp\/v2\/comments?post=854"}],"version-history":[{"count":13,"href":"https:\/\/uiag.info\/fr\/wp-json\/wp\/v2\/pages\/854\/revisions"}],"predecessor-version":[{"id":1878,"href":"https:\/\/uiag.info\/fr\/wp-json\/wp\/v2\/pages\/854\/revisions\/1878"}],"wp:featuredmedia":[{"embeddable":true,"href":"https:\/\/uiag.info\/fr\/wp-json\/wp\/v2\/media\/48"}],"wp:attachment":[{"href":"https:\/\/uiag.info\/fr\/wp-json\/wp\/v2\/media?parent=854"}],"curies":[{"name":"wp","href":"https:\/\/api.w.org\/{rel}","templated":true}]}}