{"id":860,"date":"2017-12-01T08:32:28","date_gmt":"2017-12-01T08:32:28","guid":{"rendered":"https:\/\/uiag.info\/?page_id=860"},"modified":"2025-05-07T08:58:06","modified_gmt":"2025-05-07T08:58:06","slug":"impressum","status":"publish","type":"page","link":"https:\/\/uiag.info\/fr\/impressum\/","title":{"rendered":"Impressum"},"content":{"rendered":"<p><strong>Adresse de contact &#8211; direction<\/strong><br \/>\nFondation de pr\u00e9voyance en faveur du personnel UIAG<br \/>\nFondation de pr\u00e9voyance compl\u00e9mentaire UIAG<br \/>\nNicolas Schaub<br \/>\nc\/o Emch+Berger Holding AG<br \/>\nSchl\u00f6sslistrasse 19<br \/>\nCase Postale<br \/>\n3001 Berne<\/p>\n<p><strong>Adresse de contact &#8211; administration technique<\/strong><br \/>\nFondation de pr\u00e9voyance en faveur du personnel UIAG<br \/>\nFondation de pr\u00e9voyance compl\u00e9mentaire UIAG<br \/>\nc\/o Libera AG<br \/>\nDenise Ch\u00e9hab<br \/>\nAlexander Eusebio<br \/>\nBirsstrasse 320<br \/>\nCase postale<br \/>\n4010 B\u00e2le<\/p>\n<p><strong>I<b class=\"b2\">nscription au <\/b><b class=\"b1\">re<\/b>gistre du commerce<\/strong><br \/>\nRaison sociale enregistr\u00e9e:\u00a0Personalvorsorgestiftung UIAG<br \/>\nNum\u00e9ro: <span class=\"ng-binding\">CHE\u2011109.613.155<\/span><br \/>\n<span id=\"termEntry\">Bureau du registre du commerce<\/span>:\u00a0B\u00e2le-Ville<br \/>\nRaison sociale enregistr\u00e9e:\u00a0Zusatzvorsorgestiftung UIAG<br \/>\nNum\u00e9ro: <span class=\"ng-binding\">CHE\u2011109.787.298<\/span><br \/>\n<span id=\"termEntry\">Bureau du registre du commerce<\/span>:\u00a0B\u00e2le-Ville<\/p>\n<p><strong>Clause de non-responsabilit\u00e9<\/strong><br \/>\nL&rsquo;auteur n&rsquo;assume aucune garantie quant \u00e0 l&rsquo;exactitude, la pr\u00e9cision, l&rsquo;actualit\u00e9<b class=\"b1\">, <\/b>la fiabilit\u00e9 et l&rsquo;exhaustivit\u00e9 du contenu des informations.<\/p>\n<p>L&rsquo;auteur ne saurait \u00eatre tenu responsable des dommages mat\u00e9riels ou immat\u00e9riels qui pourraient \u00eatre caus\u00e9s par l\u2019acc\u00e8s aux informations publi\u00e9es ou par leur utilisation ou non-utilisation, par le mauvais usage de la connexion ou par des probl\u00e8mes techniques. L&rsquo;auteur se r\u00e9serve express\u00e9ment le droit de modifier, compl\u00e9ter ou supprimer sans pr\u00e9avis tout ou partie du contenu de ce site Internet, ou d\u2019en suspendre temporairement ou d\u00e9finitivement la publication.<\/p>\n<p><strong>Responsabilit\u00e9 pour les liens<\/strong><br \/>\nLes renvois et liens vers d\u2019autres sites Internet ne rel\u00e8vent pas de notre responsabilit\u00e9. Nous d\u00e9clinons toute responsabilit\u00e9 \u00e0 l&rsquo;\u00e9gard de ces sites Internet. L\u2019acc\u00e8s \u00e0 ces sites et leur utilisation se font aux risques et p\u00e9rils de l&rsquo;utilisateur ou de l&rsquo;utilisatrice.<\/p>\n<p><strong>Droits d&rsquo;auteur<\/strong><br \/>\nLes droits d&rsquo;auteur et tous les autres droits li\u00e9s aux contenus, illustrations, photographies et autres fichiers figurant sur ce site Internet sont la propri\u00e9t\u00e9 exclusive de la <strong>Fondation de pr\u00e9voyance en faveur du personnel UIAG <\/strong>et de la <strong>Fondation de pr\u00e9voyance compl\u00e9mentaire UIAG<\/strong> ou des titulaires des droits express\u00e9ment cit\u00e9s. Toute reproduction est subordonn\u00e9e \u00e0 l&rsquo;autorisation \u00e9crite pr\u00e9alable du d\u00e9tenteur des droits d&rsquo;auteur.<\/p>\n<p><strong>Protection des donn\u00e9es<br \/>\n<\/strong>La protection de vos donn\u00e9es et de votre vie priv\u00e9e est importante pour nous. Nous ne collectons et n\u2019utilisons vos donn\u00e9es que dans le cadre des dispositions l\u00e9gales en vigueur ou si vous nous y autorisez express\u00e9ment. Dans notre <a href=\"https:\/\/uiag.info\/fr\/politique-de-confidentialite\/\">d\u00e9claration de protection des donn\u00e9es<\/a>, nous vous expliquons comment nous traitons vos donn\u00e9es.<\/p>\n","protected":false},"excerpt":{"rendered":"<p>Adresse de contact &#8211; direction Fondation de pr\u00e9voyance en faveur du personnel UIAG Fondation de pr\u00e9voyance compl\u00e9mentaire UIAG Nicolas Schaub c\/o Emch+Berger Holding AG Schl\u00f6sslistrasse 19 Case Postale 3001 Berne Adresse de contact &#8211; administration technique Fondation de pr\u00e9voyance en faveur du personnel UIAG Fondation de pr\u00e9voyance compl\u00e9mentaire UIAG c\/o Libera AG Denise Ch\u00e9hab Alexander [&hellip;]<\/p>\n","protected":false},"author":1,"featured_media":74,"parent":0,"menu_order":8,"comment_status":"closed","ping_status":"closed","template":"","meta":{"_acf_changed":false,"footnotes":""},"class_list":["post-860","page","type-page","status-publish","has-post-thumbnail","hentry"],"acf":[],"_links":{"self":[{"href":"https:\/\/uiag.info\/fr\/wp-json\/wp\/v2\/pages\/860","targetHints":{"allow":["GET"]}}],"collection":[{"href":"https:\/\/uiag.info\/fr\/wp-json\/wp\/v2\/pages"}],"about":[{"href":"https:\/\/uiag.info\/fr\/wp-json\/wp\/v2\/types\/page"}],"author":[{"embeddable":true,"href":"https:\/\/uiag.info\/fr\/wp-json\/wp\/v2\/users\/1"}],"replies":[{"embeddable":true,"href":"https:\/\/uiag.info\/fr\/wp-json\/wp\/v2\/comments?post=860"}],"version-history":[{"count":15,"href":"https:\/\/uiag.info\/fr\/wp-json\/wp\/v2\/pages\/860\/revisions"}],"predecessor-version":[{"id":2882,"href":"https:\/\/uiag.info\/fr\/wp-json\/wp\/v2\/pages\/860\/revisions\/2882"}],"wp:featuredmedia":[{"embeddable":true,"href":"https:\/\/uiag.info\/fr\/wp-json\/wp\/v2\/media\/74"}],"wp:attachment":[{"href":"https:\/\/uiag.info\/fr\/wp-json\/wp\/v2\/media?parent=860"}],"curies":[{"name":"wp","href":"https:\/\/api.w.org\/{rel}","templated":true}]}}